{"id":858,"date":"2017-08-03T16:03:09","date_gmt":"2017-08-03T14:03:09","guid":{"rendered":"http:\/\/wittorfer-zwergenstube.de\/?page_id=858"},"modified":"2025-06-09T20:33:32","modified_gmt":"2025-06-09T18:33:32","slug":"news","status":"publish","type":"page","link":"https:\/\/wittorfer-zwergenstube.de\/?page_id=858","title":{"rendered":"News"},"content":{"rendered":"\n<p style=\"font-size:16px\"><strong><em>06.06.2025<\/em><\/strong><\/p>\n\n\n\n<p>Heute haben wir am Fu\u00dfballturnier der knapp 100 angehenden Schulkinder teilgenommen. Ausrichter war der Vorjahressieger, der Kindergarten Spielef\u00fcchse aus Jeddingen.<br>Insgesamt waren 10 Mannschaften der Visselh\u00f6veder Kinderg\u00e4rten zu diesem Turnier, am Jeddinger Sportplatz, angetreten. <\/p>\n\n\n\n<p>Am Ende reichte es leider nicht f\u00fcr den Pokal &#8211; aber mit jeder Menge Spa\u00df waren alle Kinder Sieger und erhielten eine Medaille.<br><\/p>\n\n\n\n<figure class=\"wp-block-image size-large\"><img loading=\"lazy\" decoding=\"async\" width=\"1024\" height=\"462\" src=\"https:\/\/wittorfer-zwergenstube.de\/wp-content\/uploads\/2025\/06\/IMG-20250608-WA0002-1024x462.jpg\" alt=\"\" class=\"wp-image-2063\" srcset=\"https:\/\/wittorfer-zwergenstube.de\/wp-content\/uploads\/2025\/06\/IMG-20250608-WA0002-1024x462.jpg 1024w, https:\/\/wittorfer-zwergenstube.de\/wp-content\/uploads\/2025\/06\/IMG-20250608-WA0002-300x135.jpg 300w, https:\/\/wittorfer-zwergenstube.de\/wp-content\/uploads\/2025\/06\/IMG-20250608-WA0002-768x346.jpg 768w, https:\/\/wittorfer-zwergenstube.de\/wp-content\/uploads\/2025\/06\/IMG-20250608-WA0002-1536x692.jpg 1536w, https:\/\/wittorfer-zwergenstube.de\/wp-content\/uploads\/2025\/06\/IMG-20250608-WA0002-624x281.jpg 624w, https:\/\/wittorfer-zwergenstube.de\/wp-content\/uploads\/2025\/06\/IMG-20250608-WA0002.jpg 2048w\" sizes=\"auto, (max-width: 1024px) 100vw, 1024px\" \/><\/figure>\n\n\n\n<p><\/p>\n\n\n\n<p style=\"font-size:16px\"><em><strong>Mai 2025<\/strong><\/em><\/p>\n\n\n\n<p>Wir haben am Umwelt-Tag der Stadt Visselh\u00f6vede teilgenommen und waren mit unseren Kindern in Wittorf unterwegs. Sogar unsere kleinsten haben flei\u00dfig M\u00fcll gesammelt&#8230;<\/p>\n\n\n\n<figure class=\"wp-block-image size-full\"><img loading=\"lazy\" decoding=\"async\" width=\"999\" height=\"707\" src=\"https:\/\/wittorfer-zwergenstube.de\/wp-content\/uploads\/2025\/05\/pf_1746992514.png\" alt=\"\" class=\"wp-image-2055\" srcset=\"https:\/\/wittorfer-zwergenstube.de\/wp-content\/uploads\/2025\/05\/pf_1746992514.png 999w, https:\/\/wittorfer-zwergenstube.de\/wp-content\/uploads\/2025\/05\/pf_1746992514-300x212.png 300w, https:\/\/wittorfer-zwergenstube.de\/wp-content\/uploads\/2025\/05\/pf_1746992514-768x544.png 768w, https:\/\/wittorfer-zwergenstube.de\/wp-content\/uploads\/2025\/05\/pf_1746992514-624x442.png 624w\" sizes=\"auto, (max-width: 999px) 100vw, 999px\" \/><\/figure>\n\n\n\n<p><\/p>\n\n\n\n<p><\/p>\n\n\n\n<p style=\"font-size:16px;font-style:italic;font-weight:100\"><strong>06.12.2024<\/strong><\/p>\n\n\n\n<figure class=\"wp-block-image size-full\"><img loading=\"lazy\" decoding=\"async\" width=\"730\" height=\"875\" src=\"https:\/\/wittorfer-zwergenstube.de\/wp-content\/uploads\/2024\/12\/Nikolaus.jpg\" alt=\"\" class=\"wp-image-2051\" srcset=\"https:\/\/wittorfer-zwergenstube.de\/wp-content\/uploads\/2024\/12\/Nikolaus.jpg 730w, https:\/\/wittorfer-zwergenstube.de\/wp-content\/uploads\/2024\/12\/Nikolaus-250x300.jpg 250w, https:\/\/wittorfer-zwergenstube.de\/wp-content\/uploads\/2024\/12\/Nikolaus-624x748.jpg 624w\" sizes=\"auto, (max-width: 730px) 100vw, 730px\" \/><\/figure>\n\n\n\n<p style=\"font-size:16px;font-style:italic;font-weight:100\"><\/p>\n\n\n\n<p><\/p>\n\n\n\n<p><\/p>\n\n\n\n<p><\/p>\n\n\n\n<p><strong>Oktober 2024<\/strong><\/p>\n\n\n\n<figure class=\"wp-block-image size-full\"><img loading=\"lazy\" decoding=\"async\" width=\"658\" height=\"857\" src=\"https:\/\/wittorfer-zwergenstube.de\/wp-content\/uploads\/2024\/10\/Kapla-Steine-Lions-Club.jpg\" alt=\"\" class=\"wp-image-2045\" srcset=\"https:\/\/wittorfer-zwergenstube.de\/wp-content\/uploads\/2024\/10\/Kapla-Steine-Lions-Club.jpg 658w, https:\/\/wittorfer-zwergenstube.de\/wp-content\/uploads\/2024\/10\/Kapla-Steine-Lions-Club-230x300.jpg 230w, https:\/\/wittorfer-zwergenstube.de\/wp-content\/uploads\/2024\/10\/Kapla-Steine-Lions-Club-624x813.jpg 624w\" sizes=\"auto, (max-width: 658px) 100vw, 658px\" \/><\/figure>\n\n\n\n<p><\/p>\n\n\n\n<p><strong>Juni 2024<\/strong><\/p>\n\n\n\n<p>2. Kita Fu\u00dfball Cup<\/p>\n\n\n\n<p>Am 14. Juni 2024 war es wieder soweit. Der 2. Kita Fu\u00dfballcup ging an den Start. <br>Im letzten Jahr wurde diese tolle Aktion f\u00fcr alle angehenden Schulkinder vom <br>St. Johanniskindergarten ins Leben gerufen und die Kita Wittorfer Zwergenstube gewann das Fu\u00dfballturnier.<br>Somit lud in diesem Jahr der Wittorfer Kindergarten alle Kinderg\u00e4rten zum Sportplatz nach Wittorf ein. Das Wetter meinte es gut mit allen und die Sonne lie\u00df sich zwischendurch blicken.<br><br>Es war ein spannendes Fu\u00dfballturnier, bei dem jede Mannschaft nach den Regeln in Anlehnung an FUNino gegeneinander antrat. <br>Zwischendurch konnten sich die Kinder und ihre Betreuer am reichhaltigen Fitnessbuffet bedienen, das von den Wittorfer Eiersuchern und der B\u00e4ckerei Tamke gesponsert wurden. <br>Als zus\u00e4tzliche Unterst\u00fctzung am Vormittag konnte die Zwergenstube auf ihren Elternbeirat z\u00e4hlen. <br><br>Zum Abschluss wurde der Jeddinger Kindergarten Spielef\u00fcchse als Sieger geehrt und durfte den Wanderpokal mit nach Jeddingen nehmen. Alle teilnehmenden Kinder haben selbstverst\u00e4ndlich eine Medaille f\u00fcr ihren super Einsatz erhalten.<br><br>Ein gro\u00dfer Dank geht auch noch an Klaus Windels, der als Schiedsrichter dabei war und an den Sportverein Wittorf, die uns ihre Spielst\u00e4tte zur Verf\u00fcgung stellten.<br>Es war ein ereignisreicher Vormittag, ohne gro\u00dfe Verletzungen und mit ganz viel Spa\u00df.<br>Wir freuen uns auf das Turnier im n\u00e4chsten Jahr in Jeddingen.<\/p>\n\n\n\n<figure class=\"wp-block-image size-full\"><img loading=\"lazy\" decoding=\"async\" width=\"767\" height=\"370\" src=\"https:\/\/wittorfer-zwergenstube.de\/wp-content\/uploads\/2024\/09\/image.png\" alt=\"\" class=\"wp-image-2019\" srcset=\"https:\/\/wittorfer-zwergenstube.de\/wp-content\/uploads\/2024\/09\/image.png 767w, https:\/\/wittorfer-zwergenstube.de\/wp-content\/uploads\/2024\/09\/image-300x145.png 300w, https:\/\/wittorfer-zwergenstube.de\/wp-content\/uploads\/2024\/09\/image-624x301.png 624w\" sizes=\"auto, (max-width: 767px) 100vw, 767px\" \/><\/figure>\n\n\n\n<p><\/p>\n\n\n\n<p><strong>2023 &#8211; 2024<\/strong><\/p>\n\n\n\n<p>Nun liegt fast ein Jahr schwimmen hinter uns. Einmal in der Woche sind alle Schukis gemeinsam ins Schwimmbad gegangen.<\/p>\n\n\n\n<p>Anfangs waren viele noch sehr zur\u00fcckhaltend. Einigen von ihnen war das Element Wasser noch nicht so vertraut.<\/p>\n\n\n\n<p>Aber in k\u00fcrzester Zeit haben sich unsere Schukis immer mehr zugetraut.<\/p>\n\n\n\n<p>Die Kinder, die sich anfangs noch nicht richtig ins Wasser getraut haben, gehen mittlerweile wie selbstverst\u00e4ndlich hinein, tauchen sogar das Gesicht unter Wasser oder springen vom Beckenrand.<\/p>\n\n\n\n<p>Auch haben ein paar Kinder in dieser Zeit ihr Seepferdchen schaffen k\u00f6nnen. Nat\u00fcrlich mit der Unterst\u00fctzung, dass sie nachmittags noch zus\u00e4tzlich im Schwimmkurs waren oder mit ihren Eltern privat schwimmen gegangen sind.<\/p>\n\n\n\n<p>Es hat uns gro\u00dfe Freude bereitet, mit den Schukis schwimmen zu gehen. Wir sind super stolz auf sie.<\/p>\n\n\n\n<div class=\"wp-block-group\"><div class=\"wp-block-group__inner-container is-layout-constrained wp-block-group-is-layout-constrained\">\n<figure class=\"wp-block-gallery has-nested-images columns-default is-cropped wp-block-gallery-1 is-layout-flex wp-block-gallery-is-layout-flex\">\n<figure class=\"wp-block-image size-full\"><img loading=\"lazy\" decoding=\"async\" width=\"376\" height=\"501\" data-id=\"2024\" src=\"https:\/\/wittorfer-zwergenstube.de\/wp-content\/uploads\/2024\/09\/image-5.png\" alt=\"\" class=\"wp-image-2024\" srcset=\"https:\/\/wittorfer-zwergenstube.de\/wp-content\/uploads\/2024\/09\/image-5.png 376w, https:\/\/wittorfer-zwergenstube.de\/wp-content\/uploads\/2024\/09\/image-5-225x300.png 225w\" sizes=\"auto, (max-width: 376px) 100vw, 376px\" \/><\/figure>\n\n\n\n<figure class=\"wp-block-image size-full\"><img loading=\"lazy\" decoding=\"async\" width=\"439\" height=\"585\" data-id=\"2020\" src=\"https:\/\/wittorfer-zwergenstube.de\/wp-content\/uploads\/2024\/09\/image-1.png\" alt=\"\" class=\"wp-image-2020\" srcset=\"https:\/\/wittorfer-zwergenstube.de\/wp-content\/uploads\/2024\/09\/image-1.png 439w, https:\/\/wittorfer-zwergenstube.de\/wp-content\/uploads\/2024\/09\/image-1-225x300.png 225w\" sizes=\"auto, (max-width: 439px) 100vw, 439px\" \/><\/figure>\n\n\n\n<figure class=\"wp-block-image size-full\"><img loading=\"lazy\" decoding=\"async\" width=\"352\" height=\"469\" data-id=\"2023\" src=\"https:\/\/wittorfer-zwergenstube.de\/wp-content\/uploads\/2024\/09\/image-4.png\" alt=\"\" class=\"wp-image-2023\" srcset=\"https:\/\/wittorfer-zwergenstube.de\/wp-content\/uploads\/2024\/09\/image-4.png 352w, https:\/\/wittorfer-zwergenstube.de\/wp-content\/uploads\/2024\/09\/image-4-225x300.png 225w\" sizes=\"auto, (max-width: 352px) 100vw, 352px\" \/><\/figure>\n\n\n\n<figure class=\"wp-block-image size-full\"><img loading=\"lazy\" decoding=\"async\" width=\"462\" height=\"616\" data-id=\"2025\" src=\"https:\/\/wittorfer-zwergenstube.de\/wp-content\/uploads\/2024\/09\/image-6.png\" alt=\"\" class=\"wp-image-2025\" srcset=\"https:\/\/wittorfer-zwergenstube.de\/wp-content\/uploads\/2024\/09\/image-6.png 462w, https:\/\/wittorfer-zwergenstube.de\/wp-content\/uploads\/2024\/09\/image-6-225x300.png 225w\" sizes=\"auto, (max-width: 462px) 100vw, 462px\" \/><\/figure>\n\n\n\n<figure class=\"wp-block-image size-full\"><img loading=\"lazy\" decoding=\"async\" width=\"477\" height=\"635\" data-id=\"2021\" src=\"https:\/\/wittorfer-zwergenstube.de\/wp-content\/uploads\/2024\/09\/image-2.png\" alt=\"\" class=\"wp-image-2021\" srcset=\"https:\/\/wittorfer-zwergenstube.de\/wp-content\/uploads\/2024\/09\/image-2.png 477w, https:\/\/wittorfer-zwergenstube.de\/wp-content\/uploads\/2024\/09\/image-2-225x300.png 225w\" sizes=\"auto, (max-width: 477px) 100vw, 477px\" \/><\/figure>\n<\/figure>\n<\/div><\/div>\n\n\n\n<div class=\"wp-block-group\"><div class=\"wp-block-group__inner-container is-layout-constrained wp-block-group-is-layout-constrained\"><\/div><\/div>\n\n\n\n<div class=\"wp-block-group\"><div class=\"wp-block-group__inner-container is-layout-constrained wp-block-group-is-layout-constrained\"><\/div><\/div>\n\n\n\n<!--nextpage-->\n\n\n\n<h4 class=\"wp-block-heading\">Mai 2023<\/h4>\n\n\n\n<p>Nach ein paar Jahren Coronapause konnten wir in diesem Jahr wieder beim Sch\u00fctzenfest in Wittorf etwas beitragen. Wir haben mit unseren Kita Kindern 3 Lieder vorgef\u00fchrt. <\/p>\n\n\n\n<figure class=\"wp-block-gallery has-nested-images columns-default is-cropped wp-block-gallery-2 is-layout-flex wp-block-gallery-is-layout-flex\">\n<figure class=\"wp-block-image size-large\"><img loading=\"lazy\" decoding=\"async\" width=\"1024\" height=\"576\" data-id=\"1946\" src=\"https:\/\/wittorfer-zwergenstube.de\/wp-content\/uploads\/2023\/05\/IMG-20230515-WA0029-1024x576.jpg\" alt=\"\" class=\"wp-image-1946\" srcset=\"https:\/\/wittorfer-zwergenstube.de\/wp-content\/uploads\/2023\/05\/IMG-20230515-WA0029-1024x576.jpg 1024w, https:\/\/wittorfer-zwergenstube.de\/wp-content\/uploads\/2023\/05\/IMG-20230515-WA0029-300x169.jpg 300w, https:\/\/wittorfer-zwergenstube.de\/wp-content\/uploads\/2023\/05\/IMG-20230515-WA0029-768x432.jpg 768w, https:\/\/wittorfer-zwergenstube.de\/wp-content\/uploads\/2023\/05\/IMG-20230515-WA0029-1536x864.jpg 1536w, https:\/\/wittorfer-zwergenstube.de\/wp-content\/uploads\/2023\/05\/IMG-20230515-WA0029-624x351.jpg 624w, https:\/\/wittorfer-zwergenstube.de\/wp-content\/uploads\/2023\/05\/IMG-20230515-WA0029.jpg 1599w\" sizes=\"auto, (max-width: 1024px) 100vw, 1024px\" \/><\/figure>\n\n\n\n<figure class=\"wp-block-image size-large\"><img loading=\"lazy\" decoding=\"async\" width=\"1024\" height=\"576\" data-id=\"1945\" src=\"https:\/\/wittorfer-zwergenstube.de\/wp-content\/uploads\/2023\/05\/IMG-20230515-WA0030-1024x576.jpg\" alt=\"\" class=\"wp-image-1945\" srcset=\"https:\/\/wittorfer-zwergenstube.de\/wp-content\/uploads\/2023\/05\/IMG-20230515-WA0030-1024x576.jpg 1024w, https:\/\/wittorfer-zwergenstube.de\/wp-content\/uploads\/2023\/05\/IMG-20230515-WA0030-300x169.jpg 300w, https:\/\/wittorfer-zwergenstube.de\/wp-content\/uploads\/2023\/05\/IMG-20230515-WA0030-768x432.jpg 768w, https:\/\/wittorfer-zwergenstube.de\/wp-content\/uploads\/2023\/05\/IMG-20230515-WA0030-1536x864.jpg 1536w, https:\/\/wittorfer-zwergenstube.de\/wp-content\/uploads\/2023\/05\/IMG-20230515-WA0030-624x351.jpg 624w, https:\/\/wittorfer-zwergenstube.de\/wp-content\/uploads\/2023\/05\/IMG-20230515-WA0030.jpg 1599w\" sizes=\"auto, (max-width: 1024px) 100vw, 1024px\" \/><\/figure>\n\n\n\n<figure class=\"wp-block-image size-large\"><img loading=\"lazy\" decoding=\"async\" width=\"768\" height=\"1024\" data-id=\"1944\" src=\"https:\/\/wittorfer-zwergenstube.de\/wp-content\/uploads\/2023\/05\/IMG-20230515-WA0032-768x1024.jpg\" alt=\"\" class=\"wp-image-1944\" srcset=\"https:\/\/wittorfer-zwergenstube.de\/wp-content\/uploads\/2023\/05\/IMG-20230515-WA0032-768x1024.jpg 768w, https:\/\/wittorfer-zwergenstube.de\/wp-content\/uploads\/2023\/05\/IMG-20230515-WA0032-225x300.jpg 225w, https:\/\/wittorfer-zwergenstube.de\/wp-content\/uploads\/2023\/05\/IMG-20230515-WA0032-1152x1536.jpg 1152w, https:\/\/wittorfer-zwergenstube.de\/wp-content\/uploads\/2023\/05\/IMG-20230515-WA0032-624x832.jpg 624w, https:\/\/wittorfer-zwergenstube.de\/wp-content\/uploads\/2023\/05\/IMG-20230515-WA0032.jpg 1200w\" sizes=\"auto, (max-width: 768px) 100vw, 768px\" \/><\/figure>\n<\/figure>\n\n\n\n<p><strong>Oktober 2022<\/strong><\/p>\n\n\n\n<p>Unsere aktuelle Konzeption finden sie <a href=\"https:\/\/wittorfer-zwergenstube.de\/?page_id=936\" data-type=\"page\" data-id=\"936\">hier<\/a><\/p>\n\n\n\n<p><strong>August 2022<\/strong><\/p>\n\n\n\n<p>Unsere Konzeption, sowie unsere Homepage befinden sich gerade im Bearbeitung. Wir bitten um ihr Verst\u00e4ndnis, dass zur Zeit nicht alles auf dem aktuellen Stand ist.<\/p>\n\n\n\n<p><strong>Ende Juni 2022<\/strong><\/p>\n\n\n\n<p>Juhu, Mareile hat es geschafft. <br>Nun darf sie sich endlich \u201eErzieherin mit einer Zusatzqualifikation zur heilp\u00e4dagogischen Fachkraft\u201c nennen.<br>Ein Jahr lang hat sie neben ihrer T\u00e4tigkeit bei uns in der Kita noch zus\u00e4tzlich die Schulbank gedr\u00fcckt. <\/p>\n\n\n\n<p>Wir gratulieren ihr rechtherzlich und freuen uns sehr mit ihr.<\/p>\n\n\n\n<figure class=\"wp-block-image size-large is-resized\"><img loading=\"lazy\" decoding=\"async\" width=\"1024\" height=\"523\" src=\"https:\/\/wittorfer-zwergenstube.de\/wp-content\/uploads\/2022\/06\/AbschlussfotoIEB-14-1024x523.jpg\" alt=\"\" class=\"wp-image-1927\" style=\"width:231px;height:117px\" srcset=\"https:\/\/wittorfer-zwergenstube.de\/wp-content\/uploads\/2022\/06\/AbschlussfotoIEB-14-1024x523.jpg 1024w, https:\/\/wittorfer-zwergenstube.de\/wp-content\/uploads\/2022\/06\/AbschlussfotoIEB-14-300x153.jpg 300w, https:\/\/wittorfer-zwergenstube.de\/wp-content\/uploads\/2022\/06\/AbschlussfotoIEB-14-768x392.jpg 768w, https:\/\/wittorfer-zwergenstube.de\/wp-content\/uploads\/2022\/06\/AbschlussfotoIEB-14-1536x784.jpg 1536w, https:\/\/wittorfer-zwergenstube.de\/wp-content\/uploads\/2022\/06\/AbschlussfotoIEB-14-624x318.jpg 624w, https:\/\/wittorfer-zwergenstube.de\/wp-content\/uploads\/2022\/06\/AbschlussfotoIEB-14.jpg 2048w\" sizes=\"auto, (max-width: 1024px) 100vw, 1024px\" \/><\/figure>\n\n\n\n<p><\/p>\n\n\n\n<p><strong>Mai 2022<\/strong><\/p>\n\n\n\n<p><strong>Gelungener \u00dcbergang vom Kindergarten in die Grundschule<\/strong><\/p>\n\n\n\n<p><em>Endlich sind Kooperationen wieder m\u00f6glich!<\/em><\/p>\n\n\n\n<p>Seit der Pandemie waren die Kooperationskonzepte zwischen Kinderg\u00e4rten und Schule nicht mehr umzusetzen. Jetzt konnten wir mit einer ersten gemeinsamen Auftaktveranstaltung, dem Theaterst\u00fcck \u201eDie gro\u00dfe NEIN-TONNE\u201c wieder durchstarten.\u201c Am 04.05.22 trafen sich die zuk\u00fcnftigen Erstkl\u00e4ssler aus den Kinderg\u00e4rten Jeddingen und Wittorf in der Sporthalle der Grundschule Jeddingen mit der Klasse 1a und 1b. Die Freude bei den Kindergartenkindern war gro\u00df, als sie auf bekannte Gesichter gesto\u00dfen sind. Die Erstkl\u00e4ssler sind schon routinierte Schulkinder geworden und haben im letzten Jahr viel gelernt. Durch diese gemeinsame Veranstaltung erlebten alle Kinder eine besondere Herausforderung. Und die positiv ausstrahlenden Effekte bieten den Kindergartenkindern einen Rahmen, aus dem Kindergarten raus zu wachsen und freudig der Schule entgegen zu blicken.<\/p>\n\n\n\n<figure class=\"wp-block-gallery has-nested-images columns-default is-cropped wp-block-gallery-3 is-layout-flex wp-block-gallery-is-layout-flex\">\n<figure class=\"wp-block-image size-large\"><img loading=\"lazy\" decoding=\"async\" width=\"484\" height=\"363\" data-id=\"1921\" src=\"https:\/\/wittorfer-zwergenstube.de\/wp-content\/uploads\/2022\/05\/IMG-20220518-WA0014.jpg\" alt=\"\" class=\"wp-image-1921\" srcset=\"https:\/\/wittorfer-zwergenstube.de\/wp-content\/uploads\/2022\/05\/IMG-20220518-WA0014.jpg 484w, https:\/\/wittorfer-zwergenstube.de\/wp-content\/uploads\/2022\/05\/IMG-20220518-WA0014-300x225.jpg 300w\" sizes=\"auto, (max-width: 484px) 100vw, 484px\" \/><\/figure>\n\n\n\n<figure class=\"wp-block-image size-large\"><img loading=\"lazy\" decoding=\"async\" width=\"439\" height=\"329\" data-id=\"1923\" src=\"https:\/\/wittorfer-zwergenstube.de\/wp-content\/uploads\/2022\/05\/IMG-20220518-WA0017.jpg\" alt=\"\" class=\"wp-image-1923\" srcset=\"https:\/\/wittorfer-zwergenstube.de\/wp-content\/uploads\/2022\/05\/IMG-20220518-WA0017.jpg 439w, https:\/\/wittorfer-zwergenstube.de\/wp-content\/uploads\/2022\/05\/IMG-20220518-WA0017-300x225.jpg 300w\" sizes=\"auto, (max-width: 439px) 100vw, 439px\" \/><\/figure>\n\n\n\n<figure class=\"wp-block-image size-large\"><img loading=\"lazy\" decoding=\"async\" width=\"484\" height=\"363\" data-id=\"1922\" src=\"https:\/\/wittorfer-zwergenstube.de\/wp-content\/uploads\/2022\/05\/IMG-20220518-WA0019.jpg\" alt=\"\" class=\"wp-image-1922\" srcset=\"https:\/\/wittorfer-zwergenstube.de\/wp-content\/uploads\/2022\/05\/IMG-20220518-WA0019.jpg 484w, https:\/\/wittorfer-zwergenstube.de\/wp-content\/uploads\/2022\/05\/IMG-20220518-WA0019-300x225.jpg 300w\" sizes=\"auto, (max-width: 484px) 100vw, 484px\" \/><\/figure>\n<\/figure>\n\n\n\n<!--nextpage-->\n\n\n\n<p>6. Dezember 2021<\/p>\n\n\n\n<p>Juhu, der Nikolaus war da. Das war aber eine riesengro\u00dfe \u00dcberraschung, als der Nikolaus auf einmal bei uns auf dem Au\u00dfengel\u00e4nde stand&#8230;<br>Die Kinder waren beigeistert&#8230;und nat\u00fcrlich haben wir ihm auch gleich erst einmal ein Lied vorgesungen. Und er hat f\u00fcr jedes Kind eine Kleinigkeit dagelassen. Das war echt toll.<\/p>\n\n\n\n<p>Am Liebsten h\u00e4tten wir Kinder den Nikolaus auch gerne noch gedr\u00fcckt und in den Arm genommen. Aber das haben wir nicht gemacht. Es ist ja immer noch Corona und wir wissen, dass wir Abstand halten m\u00fcssen. Der Nikolaus soll ja auch blo\u00df gesund bleiben und n\u00e4chstes Jahr wieder zu uns kommen&#8230; \ud83d\ude42<\/p>\n\n\n\n<figure class=\"wp-block-gallery has-nested-images columns-default is-cropped wp-block-gallery-4 is-layout-flex wp-block-gallery-is-layout-flex\">\n<figure class=\"wp-block-image size-large\"><img loading=\"lazy\" decoding=\"async\" width=\"400\" height=\"300\" data-id=\"1911\" src=\"https:\/\/wittorfer-zwergenstube.de\/wp-content\/uploads\/2021\/12\/IMG_7370.jpg\" alt=\"\" class=\"wp-image-1911\" srcset=\"https:\/\/wittorfer-zwergenstube.de\/wp-content\/uploads\/2021\/12\/IMG_7370.jpg 400w, https:\/\/wittorfer-zwergenstube.de\/wp-content\/uploads\/2021\/12\/IMG_7370-300x225.jpg 300w\" sizes=\"auto, (max-width: 400px) 100vw, 400px\" \/><\/figure>\n\n\n\n<figure class=\"wp-block-image size-large\"><img loading=\"lazy\" decoding=\"async\" width=\"400\" height=\"300\" data-id=\"1912\" src=\"https:\/\/wittorfer-zwergenstube.de\/wp-content\/uploads\/2021\/12\/IMG_7379.jpg\" alt=\"\" class=\"wp-image-1912\" srcset=\"https:\/\/wittorfer-zwergenstube.de\/wp-content\/uploads\/2021\/12\/IMG_7379.jpg 400w, https:\/\/wittorfer-zwergenstube.de\/wp-content\/uploads\/2021\/12\/IMG_7379-300x225.jpg 300w\" sizes=\"auto, (max-width: 400px) 100vw, 400px\" \/><\/figure>\n\n\n\n<figure class=\"wp-block-image size-large\"><img loading=\"lazy\" decoding=\"async\" width=\"400\" height=\"300\" data-id=\"1913\" src=\"https:\/\/wittorfer-zwergenstube.de\/wp-content\/uploads\/2021\/12\/IMG_7398.jpg\" alt=\"\" class=\"wp-image-1913\" srcset=\"https:\/\/wittorfer-zwergenstube.de\/wp-content\/uploads\/2021\/12\/IMG_7398.jpg 400w, https:\/\/wittorfer-zwergenstube.de\/wp-content\/uploads\/2021\/12\/IMG_7398-300x225.jpg 300w\" sizes=\"auto, (max-width: 400px) 100vw, 400px\" \/><\/figure>\n<\/figure>\n\n\n\n<h4 class=\"wp-block-heading\">Dezember 2021<\/h4>\n\n\n\n<p>Wir sind noch immer v\u00f6llig aus dem H\u00e4uschen. Das es so etwas noch gibt, macht uns (fast!) sprachlos vor Freude.<\/p>\n\n\n\n<p>Auf dem Au\u00dfengel\u00e4nde der Dorfschule soll ein kleines Indianer-Quartier entstehen. Die Holz-Tipis des Kita-Bedarfsherstellers kosten ein kleines Verm\u00f6gen (also 1400 Euro)&#8230; Unser Kindergartenbudget reicht nur noch f\u00fcr 1 Tipi&#8230; Und nun erm\u00f6glicht es uns ein anonymer Spender, auch noch ein zweites Tipi anzuschaffen.<\/p>\n\n\n\n<p>Das hat bei uns wirklich f\u00fcr G\u00e4nsehautmomente gesorgt und wir wissen gar nicht, bei welchem lieben Menschen wir uns nun bedanken d\u00fcrfen&#8230;<\/p>\n\n\n\n<p>Danke lieber Spender f\u00fcr dieses Weihnachtswunder!!!<\/p>\n\n\n\n<p>Beide Tipis sind nun bestellt und wir freuend uns riesig darauf, wenn diese bei uns ankommen.<\/p>\n\n\n\n<h4 class=\"wp-block-heading\">November 2021<\/h4>\n\n\n\n<p>Wir haben eine Spende an Eichenst\u00e4mmen erhalten. Diese wurden nun mit Hilfe des Elternbeirats auf unseren beiden Au\u00dfengel\u00e4nden integriert.<br>Weiterlesen bitte <a href=\"https:\/\/wittorfer-zwergenstube.de\/?page_id=1897\">hier<\/a><\/p>\n\n\n\n<h4 class=\"wp-block-heading\">September 2021<\/h4>\n\n\n\n<p>Die Wittorfer Eiersucher haben 2 supertolle Holzb\u00e4nke gebaut. Diese haben wir nun bekommen. Wir freuen uns riesig dar\u00fcber. Die Kinder sitzen sehr gerne darauf. \ud83d\ude42<\/p>\n\n\n\n<figure class=\"wp-block-image\"><img loading=\"lazy\" decoding=\"async\" width=\"138\" height=\"300\" src=\"https:\/\/wittorfer-zwergenstube.de\/wp-content\/uploads\/2021\/09\/IMG-20210901-WA0043_1-138x300.jpg\" alt=\"\" class=\"wp-image-1889\" srcset=\"https:\/\/wittorfer-zwergenstube.de\/wp-content\/uploads\/2021\/09\/IMG-20210901-WA0043_1-138x300.jpg 138w, https:\/\/wittorfer-zwergenstube.de\/wp-content\/uploads\/2021\/09\/IMG-20210901-WA0043_1.jpg 184w\" sizes=\"auto, (max-width: 138px) 100vw, 138px\" \/><\/figure>\n\n\n\n<figure class=\"wp-block-image\"><img loading=\"lazy\" decoding=\"async\" width=\"138\" height=\"300\" src=\"https:\/\/wittorfer-zwergenstube.de\/wp-content\/uploads\/2021\/09\/IMG-20210901-WA0046_1-138x300.jpg\" alt=\"\" class=\"wp-image-1890\" srcset=\"https:\/\/wittorfer-zwergenstube.de\/wp-content\/uploads\/2021\/09\/IMG-20210901-WA0046_1-138x300.jpg 138w, https:\/\/wittorfer-zwergenstube.de\/wp-content\/uploads\/2021\/09\/IMG-20210901-WA0046_1.jpg 184w\" sizes=\"auto, (max-width: 138px) 100vw, 138px\" \/><\/figure>\n\n\n\n<figure class=\"wp-block-image\"><img loading=\"lazy\" decoding=\"async\" width=\"300\" height=\"225\" src=\"https:\/\/wittorfer-zwergenstube.de\/wp-content\/uploads\/2021\/09\/20210920_161455_1-300x225.jpg\" alt=\"\" class=\"wp-image-1888\" srcset=\"https:\/\/wittorfer-zwergenstube.de\/wp-content\/uploads\/2021\/09\/20210920_161455_1-300x225.jpg 300w, https:\/\/wittorfer-zwergenstube.de\/wp-content\/uploads\/2021\/09\/20210920_161455_1.jpg 400w\" sizes=\"auto, (max-width: 300px) 100vw, 300px\" \/><\/figure>\n\n\n\n<p>Vielen lieben Dank an die Eiersucher<\/p>\n\n\n\n<h4 class=\"wp-block-heading\">August 2021<\/h4>\n\n\n\n<p>Ein altes Kita Jahr endet, ein neues Kita Jahr startet.<br>Das letzte Jahr hat uns alle gefordert und wir schauen zuversichtlich auf das neue Jahr.<\/p>\n\n\n\n<p>Einiges wird im neuen Jahr neu und anders sein. Erzieherinnen sind mit in den Campus gewechselt, der nun auch an den Start geht. Wir w\u00fcnschen den Kindern, Eltern und Erziehern\/Erzieherinnen ganz viel Spa\u00df, Erfolg und Freude.<br>Bei uns beginnen auch neue Kolleginnen und Kollegen, konzeptionel hat sich einiges getan.<br>Wir freuen uns, neue Kinder und Eltern begr\u00fc\u00dfen zu d\u00fcrfen.<br>Wir sind gespannt, was uns das kommende Kita Jahr bringen wird. \ud83d\ude42<\/p>\n\n\n\n<h4 class=\"wp-block-heading\">Juli 2021<\/h4>\n\n\n\n<p><strong>Geldspende von Familie L\u00fcnsmann<\/strong><\/p>\n\n\n\n<p>Familie L\u00fcnsmann aus Wittorf hatte einen Trauerfall in der Familie. Da Oma Henni Kinder immer sehr gemocht hat, wollten sie das Geld, dass sie bei ihrer Beerdigung erhalten haben, Kindern zu Gute kommen lassen.<br>\u00dcber diese Spende haben wir uns nat\u00fcrlich sehr gefreut und konnten so einige W\u00fcnsche wahr werden lassen. Wir haben neues Geschirr f\u00fcr die Kindergartengruppen, Musikinstrumente und einige neue Spielsachen\/Spiele davon kaufen k\u00f6nnen.<\/p>\n\n\n\n<p>Vielen lieben Dank an Familie L\u00fcnsmann.<\/p>\n\n\n\n<figure class=\"wp-block-image\"><img loading=\"lazy\" decoding=\"async\" width=\"300\" height=\"138\" src=\"https:\/\/wittorfer-zwergenstube.de\/wp-content\/uploads\/2021\/08\/Spende-Luensmann-300x138.jpg\" alt=\"\" class=\"wp-image-1843\" srcset=\"https:\/\/wittorfer-zwergenstube.de\/wp-content\/uploads\/2021\/08\/Spende-Luensmann-300x138.jpg 300w, https:\/\/wittorfer-zwergenstube.de\/wp-content\/uploads\/2021\/08\/Spende-Luensmann-1024x472.jpg 1024w, https:\/\/wittorfer-zwergenstube.de\/wp-content\/uploads\/2021\/08\/Spende-Luensmann-768x354.jpg 768w, https:\/\/wittorfer-zwergenstube.de\/wp-content\/uploads\/2021\/08\/Spende-Luensmann-1536x708.jpg 1536w, https:\/\/wittorfer-zwergenstube.de\/wp-content\/uploads\/2021\/08\/Spende-Luensmann-624x287.jpg 624w, https:\/\/wittorfer-zwergenstube.de\/wp-content\/uploads\/2021\/08\/Spende-Luensmann.jpg 1600w\" sizes=\"auto, (max-width: 300px) 100vw, 300px\" \/><\/figure>\n\n\n\n<h3 class=\"wp-block-heading\">&nbsp;<\/h3>\n\n\n\n<!--nextpage-->\n\n\n\n<h3 class=\"wp-block-heading\">Milchprojekt<\/h3>\n\n\n\n<p>Im letzten Jahr haben wir uns beim EU Schulprogramm beworben, und konnten in diesem Jahr von der F\u00f6rderung profitieren und uns wurde Milch von der Firma K\u00fcck geliefert.<br>Zum Thema Milch haben wir in unserer Kita auch Projekte durchgef\u00fchrt. Unter anderem haben die &#8222;brownbears&#8220; Milky den Milchgeist&#8220; kennen gelernt.<\/p>\n\n\n\n<p>Alles zu diesem Thema k\u00f6nnen sie hiernachlesen.<\/p>\n\n\n\n<p><a href=\"https:\/\/wittorfer-zwergenstube.de\/wp-content\/uploads\/2021\/07\/Text-Homepage-Milky-Eu-Schulprogramm.docx\">Text Homepage Milky Eu Schulprogramm<\/a><\/p>\n\n\n\n<h4 class=\"wp-block-heading\">Juni 2021<\/h4>\n\n\n\n<p>Seit Anfang des Monats hat unsere Kollegin Mareile Vo\u00df neben der Arbeit morgens mit einer Zusatzqualifikation begonnen.<br>Nach bestandener Pr\u00fcfung darf sie sich dann ab Sommer 2022 &#8222;Erieherin mit einer Zusatzqualifikation zu heilp\u00e4dagogischen Fachkraft&#8220; nennen.<br>Wir w\u00fcnschen ihr auf ihrem Weg dahin ganz viel Erfolg.<\/p>\n\n\n\n<figure class=\"wp-block-image\"><img loading=\"lazy\" decoding=\"async\" width=\"472\" height=\"1024\" src=\"https:\/\/wittorfer-zwergenstube.de\/wp-content\/uploads\/2021\/07\/IMG-20210617-WA0006-472x1024.jpg\" alt=\"\" class=\"wp-image-1796\" srcset=\"https:\/\/wittorfer-zwergenstube.de\/wp-content\/uploads\/2021\/07\/IMG-20210617-WA0006-472x1024.jpg 472w, https:\/\/wittorfer-zwergenstube.de\/wp-content\/uploads\/2021\/07\/IMG-20210617-WA0006-138x300.jpg 138w, https:\/\/wittorfer-zwergenstube.de\/wp-content\/uploads\/2021\/07\/IMG-20210617-WA0006-708x1536.jpg 708w, https:\/\/wittorfer-zwergenstube.de\/wp-content\/uploads\/2021\/07\/IMG-20210617-WA0006-624x1355.jpg 624w, https:\/\/wittorfer-zwergenstube.de\/wp-content\/uploads\/2021\/07\/IMG-20210617-WA0006.jpg 737w\" sizes=\"auto, (max-width: 472px) 100vw, 472px\" \/><\/figure>\n\n\n\n<h4 class=\"wp-block-heading\"><strong>April 2021<\/strong><\/h4>\n\n\n\n<h1 class=\"wp-block-heading\">Die Welt mit Kinderaugen sehen\u2026<\/h1>\n\n\n\n<h2 class=\"wp-block-heading\">Wunder beginnen oft klitzeklein!<\/h2>\n\n\n\n<p>Kinder sind Wunder. Jedes Kind auf seine Art und Weise. Kinder sehen vieles positiv, sie sehen weitestgehend in Allem das Gute. Aber auch ihr Erwachsenen seid Wunder. Denn ohne euch w\u00fcrde es die kleinen Wunder, die Kinder, &nbsp;gar nicht geben.<\/p>\n\n\n\n<p>Der Blick von Kinderaugen ist l\u00e4ngst nicht getr\u00fcbt, wie der von Erwachsenen. Sie finden das Gl\u00fcck in den kleinsten Dingen, weil sie im hier und jetzt leben, nicht in der Vergangenheit und nicht in der Zukunft. Sie sehen das Gl\u00fcck in Dingen, f\u00fcr die wir l\u00e4ngst blind geworden sind. In dieser Hinsicht k\u00f6nnen wir eine Menge von Kindern lernen.<br>Dadurch dass wir den Kindern Aufmerksamkeit schenken, uns mit ihnen besch\u00e4ftigen, ihnen Regeln und Grenzen aufzeigen, sie aber auch selbstst\u00e4ndig handeln und lernen lassen, werden sie selbstbewusste Menschen.<\/p>\n\n\n\n<p>Aber was ist f\u00fcr die Kinder ein Wunder? Ist es das Spielzeug, ist es der Schnee, der vom Himmel f\u00e4llt? Oder sind es die warmen Sonnenstrahlen? Sind es andere Kinder? Oder die Eltern? Diesem gehen wir gerade gemeinsam mit den Kindern auf die Spur.<br>Wir machen uns in allen Gruppen die vielen kleinen Wunder t\u00e4glich bewusst, sind auch schon auf Entdeckungsreise gegangen und haben kleine Wunder wahr werden lassen. Wir treten uns wertsch\u00e4tzend gegen\u00fcber, und nehmen den anderen bewusst wahr. Was mag mein Gegen\u00fcber, was mag es nicht?<\/p>\n\n\n\n<p>Von dieser positiven Grundstimmung profitieren alle. Wir lassen uns \u201everzaubern\u201c, um in die Welt der Kinder einzutauchen. Wir sind &nbsp;sensibilisierter, mit den kleinen Wundern des Alltages achtsamer umzugehen. Der Fokus liegt nun darauf, was das Kind &nbsp;interessiert und wie wir alle daraus lernen k\u00f6nnen.<br>Die Kinder gelangen nebenbei zu mehr Selbstbewusstsein. Sie sind stolz, wenn sie f\u00fcr ihr Tun gelobt werden.<\/p>\n\n\n\n<figure class=\"wp-block-gallery has-nested-images columns-3 is-cropped wp-block-gallery-5 is-layout-flex wp-block-gallery-is-layout-flex\">\n<figure class=\"wp-block-image size-large\"><a href=\"https:\/\/wittorfer-zwergenstube.de\/?attachment_id=1771\"><img loading=\"lazy\" decoding=\"async\" width=\"400\" height=\"867\" data-id=\"1771\" src=\"https:\/\/wittorfer-zwergenstube.de\/wp-content\/uploads\/2021\/04\/20210330_115102.jpg\" alt=\"\" class=\"wp-image-1771\" srcset=\"https:\/\/wittorfer-zwergenstube.de\/wp-content\/uploads\/2021\/04\/20210330_115102.jpg 400w, https:\/\/wittorfer-zwergenstube.de\/wp-content\/uploads\/2021\/04\/20210330_115102-138x300.jpg 138w\" sizes=\"auto, (max-width: 400px) 100vw, 400px\" \/><\/a><\/figure>\n\n\n\n<figure class=\"wp-block-image size-large\"><a href=\"https:\/\/wittorfer-zwergenstube.de\/?attachment_id=1772\"><img loading=\"lazy\" decoding=\"async\" width=\"400\" height=\"533\" data-id=\"1772\" src=\"https:\/\/wittorfer-zwergenstube.de\/wp-content\/uploads\/2021\/04\/IMG-20210113-WA0003.jpg\" alt=\"\" class=\"wp-image-1772\" srcset=\"https:\/\/wittorfer-zwergenstube.de\/wp-content\/uploads\/2021\/04\/IMG-20210113-WA0003.jpg 400w, https:\/\/wittorfer-zwergenstube.de\/wp-content\/uploads\/2021\/04\/IMG-20210113-WA0003-225x300.jpg 225w\" sizes=\"auto, (max-width: 400px) 100vw, 400px\" \/><\/a><\/figure>\n\n\n\n<figure class=\"wp-block-image size-large\"><a href=\"https:\/\/wittorfer-zwergenstube.de\/?attachment_id=1774\"><img loading=\"lazy\" decoding=\"async\" width=\"400\" height=\"300\" data-id=\"1774\" src=\"https:\/\/wittorfer-zwergenstube.de\/wp-content\/uploads\/2021\/04\/IMG-20210121-WA0005.jpg\" alt=\"\" class=\"wp-image-1774\" srcset=\"https:\/\/wittorfer-zwergenstube.de\/wp-content\/uploads\/2021\/04\/IMG-20210121-WA0005.jpg 400w, https:\/\/wittorfer-zwergenstube.de\/wp-content\/uploads\/2021\/04\/IMG-20210121-WA0005-300x225.jpg 300w\" sizes=\"auto, (max-width: 400px) 100vw, 400px\" \/><\/a><\/figure>\n\n\n\n<figure class=\"wp-block-image size-large\"><a href=\"https:\/\/wittorfer-zwergenstube.de\/?attachment_id=1775\"><img loading=\"lazy\" decoding=\"async\" width=\"400\" height=\"533\" data-id=\"1775\" src=\"https:\/\/wittorfer-zwergenstube.de\/wp-content\/uploads\/2021\/04\/IMG-20210123-WA0003.jpg\" alt=\"\" class=\"wp-image-1775\" srcset=\"https:\/\/wittorfer-zwergenstube.de\/wp-content\/uploads\/2021\/04\/IMG-20210123-WA0003.jpg 400w, https:\/\/wittorfer-zwergenstube.de\/wp-content\/uploads\/2021\/04\/IMG-20210123-WA0003-225x300.jpg 225w\" sizes=\"auto, (max-width: 400px) 100vw, 400px\" \/><\/a><\/figure>\n\n\n\n<figure class=\"wp-block-image size-large\"><a href=\"https:\/\/wittorfer-zwergenstube.de\/?attachment_id=1776\"><img loading=\"lazy\" decoding=\"async\" width=\"400\" height=\"711\" data-id=\"1776\" src=\"https:\/\/wittorfer-zwergenstube.de\/wp-content\/uploads\/2021\/04\/IMG-20210123-WA0006.jpg\" alt=\"\" class=\"wp-image-1776\" srcset=\"https:\/\/wittorfer-zwergenstube.de\/wp-content\/uploads\/2021\/04\/IMG-20210123-WA0006.jpg 400w, https:\/\/wittorfer-zwergenstube.de\/wp-content\/uploads\/2021\/04\/IMG-20210123-WA0006-169x300.jpg 169w\" sizes=\"auto, (max-width: 400px) 100vw, 400px\" \/><\/a><\/figure>\n\n\n\n<figure class=\"wp-block-image size-large\"><a href=\"https:\/\/wittorfer-zwergenstube.de\/?attachment_id=1778\"><img loading=\"lazy\" decoding=\"async\" width=\"400\" height=\"533\" data-id=\"1778\" src=\"https:\/\/wittorfer-zwergenstube.de\/wp-content\/uploads\/2021\/04\/IMG-20210121-WA0000.jpg\" alt=\"\" class=\"wp-image-1778\" srcset=\"https:\/\/wittorfer-zwergenstube.de\/wp-content\/uploads\/2021\/04\/IMG-20210121-WA0000.jpg 400w, https:\/\/wittorfer-zwergenstube.de\/wp-content\/uploads\/2021\/04\/IMG-20210121-WA0000-225x300.jpg 225w\" sizes=\"auto, (max-width: 400px) 100vw, 400px\" \/><\/a><\/figure>\n<\/figure>\n\n\n\n<h4 class=\"wp-block-heading\"><strong>August 2020<\/strong><\/h4>\n\n\n\n<p>Hier einmal die neue Satzung der Stadt Visselh\u00f6vede.<\/p>\n\n\n\n<p><a href=\"https:\/\/wittorfer-zwergenstube.de\/wp-content\/uploads\/2020\/08\/Final-2020-nach-Rat-Original-fassung-ueber-Betrieb-und-Benutzung-von-Kindertagesstaetten-der-Stadt-Visselhoevede.pdf\">Originalfassung \u00fcber Betrieb und Benutzung von Kindertagesst\u00e4tten der Stadt Visselh\u00f6vede 2020<\/a><\/p>\n\n\n\n<!--nextpage-->\n\n\n\n<h4 class=\"wp-block-heading\"><strong>Ende Juli 2020<\/strong><\/h4>\n\n\n\n<p>Wir starten wieder am 17.8.2020 und freuen uns dann auf ein hoffentlich \u201eCorona-freies\u201c Kitajahr!<br>Nach den Sommerferien starten wir wieder in den Regelbetrieb. Die Masken- und Dokumentationspflicht wird bleiben, aber ansonsten l\u00e4uft alles wieder wie gewohnt.<\/p>\n\n\n\n<h4 class=\"wp-block-heading\">Juli 2020<\/h4>\n\n\n\n<p>Nun l\u00e4uft seit einiger Zeit der eingeschr\u00e4nkte Regelbetrieb in den Kinderg\u00e4rten. Wir freuen uns riesig unsere Kinder in den Gruppen wieder zu sehen, mit ihnen zu spielen, zu basteln, Spa\u00df zu haben, sie in ihrer Entwicklung zu f\u00f6rdern und zu fordern.<\/p>\n\n\n\n<h4 class=\"wp-block-heading\">Dezember 2019<\/h4>\n\n\n\n<figure class=\"wp-block-image\"><img loading=\"lazy\" decoding=\"async\" width=\"403\" height=\"302\" src=\"https:\/\/wittorfer-zwergenstube.de\/wp-content\/uploads\/2019\/12\/20191212_113802_1.jpg\" alt=\"\" class=\"wp-image-1521\" srcset=\"https:\/\/wittorfer-zwergenstube.de\/wp-content\/uploads\/2019\/12\/20191212_113802_1.jpg 403w, https:\/\/wittorfer-zwergenstube.de\/wp-content\/uploads\/2019\/12\/20191212_113802_1-300x225.jpg 300w\" sizes=\"auto, (max-width: 403px) 100vw, 403px\" \/><\/figure>\n\n\n\n<p>Der Spartenstich f\u00fcr den Bau des Primar Campus\u00b4ist getan. Wir w\u00fcnschen unserer Kollegin und zuk\u00fcnftigen Leitung Jessica Hermonies viel Erfolg w\u00e4hrend der Bauphase.<\/p>\n\n\n\n<h4 class=\"wp-block-heading\">Mai 2019<\/h4>\n\n\n\n<p>Liebe Eltern!<br>Nach den Sommerferien werden wir den Elternbereich schlie\u00dfen. Alle wichtigen Infos findet ihr weiterhin im Kindergarten ausgeh\u00e4ngt.<\/p>\n\n\n\n<h4 class=\"wp-block-heading\">September 2018<\/h4>\n\n\n\n<p>Seit dem 1. August haben wir uns vergr\u00f6\u00dfert. Es ist eine Krippengruppe ins Hauptgeb\u00e4ude gezogen und 2 Kindergartengruppen befinden sich nun in der ehemaligen Dorfschule. In den letzten Wochen haben sich alle neuen Erzieher und Erzieherinnen\/Kinder und Eltern gut eingelebt. Auch haben die Kindergartenkinder die R\u00e4umlichkeiten der Dorfschule kennen gelernt und dort alles erobert.<br>Hier auf der Homepage ist einiges liegen geblieben. Wir werden uns aber bem\u00fchen, die Homepage in den n\u00e4chsten Wochen zu \u00fcberarbeiten. Sodass alles wieder auf dem neuesten Stand ist. \ud83d\ude42<\/p>\n\n\n\n<h4 class=\"wp-block-heading\">Mai 2018<\/h4>\n\n\n\n<p>In den letzten Wochen haben die Eisb\u00e4ren, das sind die \u00e4ltesten Kinder aus der Kindergartengruppe, ein Projekt &#8222;We explore our world&#8220; durchgef\u00fchrt. Bilder dazu finden sie hier.<br><a href=\"https:\/\/wittorfer-zwergenstube.de\/?page_id=980\">We explore our world<\/a><\/p>\n\n\n\n<h4 class=\"wp-block-heading\">April 2018<br>Wir werden uns vergr\u00f6\u00dfern<\/h4>\n\n\n\n<p>Im August 2018 werden wir uns vergr\u00f6\u00dfern und zwei weitere Gruppen dazu bekommen. Eine zweite Krippengruppe zieht &nbsp;in unser Haupthaus ein.<br><span style=\"font-size: 1rem;\">Die Kindergartenkinder werden dann &nbsp;in der ehemaligen Dorfschule in 2 verschiedenen Gruppen betreut. Dort entstehen die Eisb\u00e4ren und die Braunb\u00e4rengruppe. In der Braunb\u00e4rengruppe werden die j\u00fcngeren Kinder betreut. Die Eisb\u00e4rengruppe setzt sich aus den jetzigen und somit dann \u00e4lteren Kindergartenkindern&nbsp; zusammen.<br><\/span><span style=\"font-size: 1rem;\">Wir Erzieher und die Kinder sind schon ein bisschen aufgeregt und freuen uns sehr. Die R\u00e4umlichkeiten in der Dorfschule bieten au\u00dfer viel Platz zum Lernen und Spielen, ungeahnte M\u00f6glichkeiten. So k\u00f6nnen wir endlich wieder eine Lernwerkstatt f\u00fcr die Kinder einrichten. Au\u00dferdem wird es einen Differenzierungsraum geben, wo Angebote, die Schulf\u00f6rderung und der Musikgarten mit Andrea ungest\u00f6rt stattfinden k\u00f6nnen.<\/span><\/p>\n\n\n\n<p>Noch sind freie Betreuungspl\u00e4tze vorhanden. Anmeldungen nehmen wir gern unter 04260\/658 (Ute Schorpp-Bolz) oder im Rathaus unter 04262\/301152 (Nicole Meyer) entgegen.<\/p>\n\n\n\n<p><strong>November 2017<\/strong><\/p>\n\n\n\n<p>\u201eBildung kommt ins Gleichgewicht\u201c<\/p>\n\n\n\n<figure class=\"wp-block-image\"><img loading=\"lazy\" decoding=\"async\" width=\"4896\" height=\"3672\" src=\"https:\/\/wittorfer-zwergenstube.de\/wp-content\/uploads\/2017\/08\/DSCN6678.jpg\" alt=\"\" class=\"wp-image-944\" srcset=\"https:\/\/wittorfer-zwergenstube.de\/wp-content\/uploads\/2017\/08\/DSCN6678.jpg 4896w, https:\/\/wittorfer-zwergenstube.de\/wp-content\/uploads\/2017\/08\/DSCN6678-300x225.jpg 300w, https:\/\/wittorfer-zwergenstube.de\/wp-content\/uploads\/2017\/08\/DSCN6678-768x576.jpg 768w, https:\/\/wittorfer-zwergenstube.de\/wp-content\/uploads\/2017\/08\/DSCN6678-1024x768.jpg 1024w, https:\/\/wittorfer-zwergenstube.de\/wp-content\/uploads\/2017\/08\/DSCN6678-624x468.jpg 624w\" sizes=\"auto, (max-width: 4896px) 100vw, 4896px\" \/><\/figure>\n\n\n\n<p>Und wieder haben wir Erzieherinnen der \u201eWittorfer Zwergenstube\u201c was gelernt! Von Anfang an im Gleichgewicht sein, hei\u00dft Training des Gleichgewichtes und unterst\u00fctzt die kindliche Entwicklung und die Wahrnehmung. Durch den regelm\u00e4\u00dfigen und zielgerichteten Aufbau von vielen praktischen \u00dcbungen wird nachhaltig das Lernen, Leisten und Wohlf\u00fchlen gepr\u00e4gt. So k\u00f6nnen K\u00f6rper und Seele ins Gleichgewicht gelangen und die Kinder werden optimal auf die Schule vorbereitet. Die Referentin Lina Charlotte Diehl hat uns an zwei Wochenenden anschaulich gezeigt, auf was es ankommt. Mittlerweile sind der Floh, die Schnecke, der Uhu, der K\u00e4fer und der Hase fest im Kindergartenalltag integriert. Und der Zwerg Willibald passt gut auf, dass alle Kinder und Erzieherinnen viel Spa\u00df haben.<\/p>\n\n\n\n<figure class=\"wp-block-image\"><img loading=\"lazy\" decoding=\"async\" width=\"4896\" height=\"3672\" src=\"https:\/\/wittorfer-zwergenstube.de\/wp-content\/uploads\/2017\/08\/DSCN6675.jpg\" alt=\"\" class=\"wp-image-945\" srcset=\"https:\/\/wittorfer-zwergenstube.de\/wp-content\/uploads\/2017\/08\/DSCN6675.jpg 4896w, https:\/\/wittorfer-zwergenstube.de\/wp-content\/uploads\/2017\/08\/DSCN6675-300x225.jpg 300w, https:\/\/wittorfer-zwergenstube.de\/wp-content\/uploads\/2017\/08\/DSCN6675-768x576.jpg 768w, https:\/\/wittorfer-zwergenstube.de\/wp-content\/uploads\/2017\/08\/DSCN6675-1024x768.jpg 1024w, https:\/\/wittorfer-zwergenstube.de\/wp-content\/uploads\/2017\/08\/DSCN6675-624x468.jpg 624w\" sizes=\"auto, (max-width: 4896px) 100vw, 4896px\" \/><\/figure>\n\n\n\n<p><strong>September 2017<\/strong><\/p>\n\n\n\n<p>Unsere \u00fcberarbeitete Konzeption.<\/p>\n\n\n\n<p><a href=\"https:\/\/wittorfer-zwergenstube.de\/wp-content\/uploads\/2017\/08\/Konzeption_Stand-September2017-1.pdf\">Konzeption_Stand September2017 (1)<\/a><\/p>\n\n\n\n<p><strong>August 2017<\/strong><\/p>\n\n\n\n<p>Durch den Ratsbeschluss vom 23.Juni 2017 wurde die Satzung \u00fcber die Benutzung der Kindertagesst\u00e4tten der Stadt Visselh\u00f6vede ge\u00e4ndert. Die aktuelle Fassung k\u00f6nnen Sie unter dem folgenden Link einsehen.<\/p>\n\n\n\n<p><a href=\"http:\/\/www.visselhoevede.de\/rathaus\/satzungen-verordnungen\/kindergaerten-und-schulen.html\">http:\/\/www.visselhoevede.de\/rathaus\/satzungen-verordnungen\/kindergaerten-und-schulen.html<\/a><\/p>\n\n\n\n<p>Anfang des Jahres haben wir an der Deutschlandweiten Ausschreibung der Element-i Bildungsstiftung&nbsp; teilgenommen. Das Thema lautete&#8220;Die Welt da drau\u00dfen&#8220; und ist ein wesentlicher Bestandteil unseres Hortkonzeptes.<\/p>\n\n\n\n<p>Hier bekommen sie n\u00e4here Informationen dazu:<\/p>\n\n\n\n<p><a href=\"https:\/\/wittorfer-zwergenstube.de\/?page_id=887\">Die Welt da drau\u00dfen<\/a><\/p>\n\n\n\n<!--nextpage-->\n\n\n\n<p><\/p>\n","protected":false},"excerpt":{"rendered":"<p>06.06.2025 Heute haben wir am Fu\u00dfballturnier der knapp 100 angehenden Schulkinder teilgenommen. Ausrichter war der Vorjahressieger, der Kindergarten Spielef\u00fcchse aus Jeddingen.Insgesamt waren 10 Mannschaften der Visselh\u00f6veder Kinderg\u00e4rten zu diesem Turnier, am Jeddinger Sportplatz, angetreten. Am Ende reichte es leider nicht f\u00fcr den Pokal &#8211; aber mit jeder Menge Spa\u00df waren alle Kinder Sieger und erhielten [&hellip;]<\/p>\n","protected":false},"author":1,"featured_media":0,"parent":0,"menu_order":0,"comment_status":"closed","ping_status":"closed","template":"","meta":{"footnotes":""},"class_list":["post-858","page","type-page","status-publish","hentry"],"_links":{"self":[{"href":"https:\/\/wittorfer-zwergenstube.de\/index.php?rest_route=\/wp\/v2\/pages\/858","targetHints":{"allow":["GET"]}}],"collection":[{"href":"https:\/\/wittorfer-zwergenstube.de\/index.php?rest_route=\/wp\/v2\/pages"}],"about":[{"href":"https:\/\/wittorfer-zwergenstube.de\/index.php?rest_route=\/wp\/v2\/types\/page"}],"author":[{"embeddable":true,"href":"https:\/\/wittorfer-zwergenstube.de\/index.php?rest_route=\/wp\/v2\/users\/1"}],"replies":[{"embeddable":true,"href":"https:\/\/wittorfer-zwergenstube.de\/index.php?rest_route=%2Fwp%2Fv2%2Fcomments&post=858"}],"version-history":[{"count":55,"href":"https:\/\/wittorfer-zwergenstube.de\/index.php?rest_route=\/wp\/v2\/pages\/858\/revisions"}],"predecessor-version":[{"id":2064,"href":"https:\/\/wittorfer-zwergenstube.de\/index.php?rest_route=\/wp\/v2\/pages\/858\/revisions\/2064"}],"wp:attachment":[{"href":"https:\/\/wittorfer-zwergenstube.de\/index.php?rest_route=%2Fwp%2Fv2%2Fmedia&parent=858"}],"curies":[{"name":"wp","href":"https:\/\/api.w.org\/{rel}","templated":true}]}}